{"id":1794,"date":"2018-04-20T12:56:44","date_gmt":"2018-04-20T15:56:44","guid":{"rendered":"http:\/\/www.profiautos.com.br\/novosite\/?post_type=product&#038;p=1794"},"modified":"2020-08-18T11:59:09","modified_gmt":"2020-08-18T14:59:09","slug":"moto-esmeril-150-mm-6-pol-220v-350w","status":"publish","type":"product","link":"https:\/\/www.profiautos.com.br\/novosite\/produto\/moto-esmeril-150-mm-6-pol-220v-350w\/","title":{"rendered":"MOTO ESMERIL 150 MM 6 POL 220V 350W"},"content":{"rendered":"<p>PARA INFORMA\u00c7\u00d5ES DE VALORES , (85) 9 8732-1854 OU (85) 3034-1103<br \/>\nO moto esmeril, ou simplesmente esmeril, como \u00e9 mais conhecido \u00e9 utilizado em oficinas mec\u00e2nicas, relojoarias, chaveiros, entre outros. Produzido para afiar ferramentas, arredondar cantos, retirar rebarbas ou tinta acumulada. Pode ser utilizado tamb\u00e9m em casa para fazer reparos e deixar as ferramentas sempre prontas para qualquer imprevisto.<\/p>\n<p><strong>&#8211; Caracter\u00edsticas:<br \/>\n<\/strong>:: Em a\u00e7o<br \/>\n:: Ciclo de trabalho intermitente<br \/>\n:: Ideal para desbaste, afia\u00e7\u00e3o\u00a0 de ferramentas e pe\u00e7as met\u00e1licas<br \/>\n:: Utilizado em oficinas, relojoarias, chaveiros, hobby<\/p>\n<p><strong>&#8211; Descri\u00e7\u00e3o T\u00e9cnicas:<\/strong><strong><br \/>\n<\/strong>:: Pot\u00eancia 350W<br \/>\n:: Frequ\u00eancia 60Hz<br \/>\n:: Tens\u00e3o 220V<br \/>\n:: Capacidade de disco 6\u201d\/152mm<br \/>\n:: Velocidade 3400RPM<br \/>\n:: Dimens\u00f5es (AxL) 225 x 160mm<br \/>\n:: Peso 7,5kg<\/p>\n","protected":false},"excerpt":{"rendered":"<p>PARA INFORMA\u00c7\u00d5ES DE VALORES , (85) 9 8732-1854 OU (85) 3034-1103 O moto esmeril, ou simplesmente esmeril, como \u00e9 mais conhecido \u00e9 utilizado em oficinas mec\u00e2nicas, relojoarias, chaveiros, entre outros. Produzido para afiar ferramentas, arredondar cantos, retirar rebarbas ou tinta acumulada. Pode ser utilizado tamb\u00e9m em casa para fazer reparos e deixar as ferramentas sempre [&hellip;]<\/p>\n","protected":false},"featured_media":1795,"template":"","meta":{"_exactmetrics_skip_tracking":false,"_exactmetrics_sitenote_active":false,"_exactmetrics_sitenote_note":"","_exactmetrics_sitenote_category":0},"product_cat":[28],"product_tag":[],"class_list":{"0":"post-1794","1":"product","2":"type-product","3":"status-publish","4":"has-post-thumbnail","6":"product_cat-ar-condicionado","8":"first","9":"instock","10":"taxable","11":"shipping-taxable","12":"product-type-simple"},"_links":{"self":[{"href":"https:\/\/www.profiautos.com.br\/novosite\/wp-json\/wp\/v2\/product\/1794"}],"collection":[{"href":"https:\/\/www.profiautos.com.br\/novosite\/wp-json\/wp\/v2\/product"}],"about":[{"href":"https:\/\/www.profiautos.com.br\/novosite\/wp-json\/wp\/v2\/types\/product"}],"wp:featuredmedia":[{"embeddable":true,"href":"https:\/\/www.profiautos.com.br\/novosite\/wp-json\/wp\/v2\/media\/1795"}],"wp:attachment":[{"href":"https:\/\/www.profiautos.com.br\/novosite\/wp-json\/wp\/v2\/media?parent=1794"}],"wp:term":[{"taxonomy":"product_cat","embeddable":true,"href":"https:\/\/www.profiautos.com.br\/novosite\/wp-json\/wp\/v2\/product_cat?post=1794"},{"taxonomy":"product_tag","embeddable":true,"href":"https:\/\/www.profiautos.com.br\/novosite\/wp-json\/wp\/v2\/product_tag?post=1794"}],"curies":[{"name":"wp","href":"https:\/\/api.w.org\/{rel}","templated":true}]}}